{"id":17,"date":"2022-02-15T07:59:52","date_gmt":"2022-02-15T07:59:52","guid":{"rendered":"http:\/\/www.succanarias.com\/suc\/?page_id=17"},"modified":"2024-07-25T08:21:50","modified_gmt":"2024-07-25T08:21:50","slug":"actividad","status":"publish","type":"page","link":"https:\/\/www.succanarias.com\/suc\/actividad\/","title":{"rendered":"Actividad"},"content":{"rendered":"<p>[vc_row css_animation=\u00bb\u00bb row_type=\u00bbrow\u00bb use_row_as_full_screen_section=\u00bbno\u00bb type=\u00bbfull_width\u00bb angled_section=\u00bbno\u00bb text_align=\u00bbleft\u00bb background_image_as_pattern=\u00bbwithout_pattern\u00bb z_index=\u00bb\u00bb el_id=\u00bbmemorias\u00bb][vc_column width=\u00bb1\/6&#8243; css=\u00bb.vc_custom_1679916460671{background-image: url(https:\/\/www.succanarias.com\/suc\/wp-content\/uploads\/2023\/03\/4-Gestor-de-recursos-SUC-TF-def-1.jpeg?id=3794) !important;background-position: center !important;background-repeat: no-repeat !important;background-size: cover !important;}\u00bb offset=\u00bbvc_hidden-xs\u00bb][vc_row_inner row_type=\u00bbrow\u00bb type=\u00bbfull_width\u00bb text_align=\u00bbleft\u00bb css_animation=\u00bb\u00bb][vc_column_inner offset=\u00bbvc_hidden-xs\u00bb][vc_empty_space height=\u00bb800px\u00bb][\/vc_column_inner][vc_column_inner offset=\u00bbvc_hidden-lg vc_hidden-md vc_hidden-sm\u00bb][vc_empty_space height=\u00bb400px\u00bb][\/vc_column_inner][\/vc_row_inner][\/vc_column][vc_column width=\u00bb2\/3&#8243;][vc_empty_space height=\u00bb100px\u00bb][vc_row_inner row_type=\u00bbrow\u00bb type=\u00bbfull_width\u00bb text_align=\u00bbleft\u00bb css_animation=\u00bb\u00bb][vc_column_inner width=\u00bb1\/12&#8243;][\/vc_column_inner][vc_column_inner el_class=\u00bbpadding\u00bb width=\u00bb5\/12&#8243;][vc_column_text]<\/p>\n<h2>Memorias<\/h2>\n<p>[\/vc_column_text][vc_empty_space height=\u00bb30px\u00bb][\/vc_column_inner][vc_column_inner el_class=\u00bbpadding\u00bb width=\u00bb5\/12&#8243;][\/vc_column_inner][vc_column_inner width=\u00bb1\/12&#8243;][\/vc_column_inner][\/vc_row_inner][vc_row_inner row_type=\u00bbrow\u00bb type=\u00bbfull_width\u00bb text_align=\u00bbleft\u00bb css_animation=\u00bb\u00bb][vc_column_inner width=\u00bb1\/12&#8243;][\/vc_column_inner][vc_column_inner el_class=\u00bbpadding\u00bb width=\u00bb10\/12&#8243;][vc_column_text]El Servicio de urgencias Canario ha atendido a m\u00e1s de 6 millones de personas desde su puesta en marcha en 1994 y ha intervenido en cerca de 7 millones de incidentes. Los coordinadores sanitarios, m\u00e9dicos y enfermeros, atienden en la actualidad una media de 1.000 personas al d\u00eda desde el centro coordinador, ya sea por una consulta de tipo sanitario o, en su mayor\u00eda, prestando asistencia en el lugar del incidente a trav\u00e9s de los recursos sanitarios ubicados en cada isla. Se accede llamando al 1-1-2.<\/p>\n<p>Por otra parte, gestionamos el Transporte Sanitario No Urgente del Servicio Canario de la Salud desde el a\u00f1o 2002. Creada para la optimizaci\u00f3n del transporte de pacientes a centros sanitarios, la Mesa de Transporte lleva a cabo tanto los servicios programados como los diferidos para acudir a tratamiento, consultas o altas hospitalarias.<\/p>\n<p>Consulta aqu\u00ed las memorias de actividad.[\/vc_column_text][vc_empty_space height=\u00bb30px\u00bb][\/vc_column_inner][vc_column_inner el_class=\u00bbpadding\u00bb width=\u00bb1\/12&#8243;][\/vc_column_inner][\/vc_row_inner][vc_row_inner row_type=\u00bbrow\u00bb type=\u00bbfull_width\u00bb text_align=\u00bbleft\u00bb css_animation=\u00bb\u00bb][vc_column_inner width=\u00bb1\/12&#8243; offset=\u00bbvc_hidden-xs\u00bb][vc_empty_space height=\u00bb650px\u00bb][\/vc_column_inner][vc_column_inner el_class=\u00bbpadding\u00bb width=\u00bb5\/6&#8243; offset=\u00bbvc_col-lg-5&#8243;]<a  itemprop=\"url\" href=\"https:\/\/www.succanarias.com\/suc\/wp-content\/uploads\/2024\/07\/SUC-Memoria-de-Actividades-2023.pdf\" target=\"_blank\"  class=\"qbutton  default\" style=\"\">Memoria de actividad 2023<i class=\"qode_icon_font_awesome fa fa-download qode_button_icon_element\" style=\"\" ><\/i><\/a>[vc_empty_space height=\u00bb10px\u00bb]<a  itemprop=\"url\" href=\"https:\/\/www.succanarias.com\/suc\/wp-content\/uploads\/2024\/03\/SUC-Memoria-de-Actividades-2022.pdf\" target=\"_blank\"  class=\"qbutton  default\" style=\"\">Memoria de actividad 2022<i class=\"qode_icon_font_awesome fa fa-download qode_button_icon_element\" style=\"\" ><\/i><\/a>[vc_empty_space height=\u00bb10px\u00bb]<a  itemprop=\"url\" href=\"https:\/\/www.succanarias.com\/suc\/wp-content\/uploads\/2022\/07\/Balance-SUC-2021.pdf\" target=\"_blank\"  class=\"qbutton  default\" style=\"\">Memoria de actividad 2021<i class=\"qode_icon_font_awesome fa fa-download qode_button_icon_element\" style=\"\" ><\/i><\/a>[vc_empty_space height=\u00bb10px\u00bb]<a  itemprop=\"url\" href=\"https:\/\/www.succanarias.com\/suc\/wp-content\/uploads\/2022\/02\/SUC-Memoria-de-Actividades-2020.pdf\" target=\"_blank\"  class=\"qbutton  default\" style=\"\">Memoria de actividad 2020<i class=\"qode_icon_font_awesome fa fa-download qode_button_icon_element\" style=\"\" ><\/i><\/a>[vc_empty_space height=\u00bb10px\u00bb]<a  itemprop=\"url\" href=\"https:\/\/www.succanarias.com\/suc\/wp-content\/uploads\/2022\/02\/SUC-Memoria-de-Actividades-2019.pdf\" target=\"_blank\"  class=\"qbutton  default\" style=\"\">Memoria de actividad 2019<i class=\"qode_icon_font_awesome fa fa-download qode_button_icon_element\" style=\"\" ><\/i><\/a>[vc_empty_space height=\u00bb10px\u00bb]<a  itemprop=\"url\" href=\"https:\/\/www.succanarias.com\/suc\/wp-content\/uploads\/2022\/02\/SUC-Memoria-de-Actividades-2018.pdf\" target=\"_blank\"  class=\"qbutton  default\" style=\"\">Memoria de actividad 2018<i class=\"qode_icon_font_awesome fa fa-download qode_button_icon_element\" style=\"\" ><\/i><\/a>[vc_empty_space height=\u00bb10px\u00bb]<a  itemprop=\"url\" href=\"https:\/\/www.succanarias.com\/suc\/wp-content\/uploads\/2022\/02\/SUC-Memoria-de-Actividades-2017.pdf\" target=\"_blank\"  class=\"qbutton  default\" style=\"\">Memoria de actividad 2017<i class=\"qode_icon_font_awesome fa fa-download qode_button_icon_element\" style=\"\" ><\/i><\/a>[vc_empty_space height=\u00bb10px\u00bb]<a  itemprop=\"url\" href=\"https:\/\/www.succanarias.com\/suc\/wp-content\/uploads\/2022\/02\/SUC-Memoria-de-Actividades-2016.pdf\" target=\"_blank\"  class=\"qbutton  default\" style=\"\">Memoria de actividad 2016<i class=\"qode_icon_font_awesome fa fa-download qode_button_icon_element\" style=\"\" ><\/i><\/a>[vc_empty_space height=\u00bb10px\u00bb]<a  itemprop=\"url\" href=\"https:\/\/www.succanarias.com\/suc\/wp-content\/uploads\/2022\/02\/SUC-Memoria-de-Actividades-2015.pdf\" target=\"_blank\"  class=\"qbutton  default\" style=\"\">Memoria de actividad 2015<i class=\"qode_icon_font_awesome fa fa-download qode_button_icon_element\" style=\"\" ><\/i><\/a>[vc_empty_space height=\u00bb10px\u00bb]<a  itemprop=\"url\" href=\"https:\/\/www.succanarias.com\/suc\/wp-content\/uploads\/2022\/02\/SUC-Memoria-de-Actividades-2014.pdf\" target=\"_blank\"  class=\"qbutton  default\" style=\"\">Memoria de actividad 2014<i class=\"qode_icon_font_awesome fa fa-download qode_button_icon_element\" style=\"\" ><\/i><\/a>[vc_empty_space height=\u00bb10px\u00bb]<a  itemprop=\"url\" href=\"https:\/\/www.succanarias.com\/suc\/wp-content\/uploads\/2022\/02\/SUC-Memoria-de-Actividades-2013.pdf\" target=\"_blank\"  class=\"qbutton  default\" style=\"\">Memoria de actividad 2013<i class=\"qode_icon_font_awesome fa fa-download qode_button_icon_element\" style=\"\" ><\/i><\/a>[vc_empty_space height=\u00bb10px\u00bb]<a  itemprop=\"url\" href=\"https:\/\/www.succanarias.com\/suc\/wp-content\/uploads\/2022\/02\/SUC-Memoria-de-Actividades-2012.pdf\" target=\"_blank\"  class=\"qbutton  default\" style=\"\">Memoria de actividad 2012<i class=\"qode_icon_font_awesome fa fa-download qode_button_icon_element\" style=\"\" ><\/i><\/a>[vc_empty_space height=\u00bb10px\u00bb][\/vc_column_inner][vc_column_inner el_class=\u00bbpadding\u00bb width=\u00bb5\/6&#8243; offset=\u00bbvc_col-lg-5&#8243;]<a  itemprop=\"url\" href=\"https:\/\/www.succanarias.com\/suc\/wp-content\/uploads\/2022\/02\/SUC-Memoria-de-Actividades-2011-1.pdf\" target=\"_blank\"  class=\"qbutton  default\" style=\"\">Memoria de actividad 2011<i class=\"qode_icon_font_awesome fa fa-download qode_button_icon_element\" style=\"\" ><\/i><\/a>[vc_empty_space height=\u00bb10px\u00bb]<a  itemprop=\"url\" href=\"https:\/\/www.succanarias.com\/suc\/wp-content\/uploads\/2022\/02\/SUC-Memoria-de-Actividades-2010.pdf\" target=\"_blank\"  class=\"qbutton  default\" style=\"\">Memoria de actividad 2010<i class=\"qode_icon_font_awesome fa fa-download qode_button_icon_element\" style=\"\" ><\/i><\/a>[vc_empty_space height=\u00bb10px\u00bb]<a  itemprop=\"url\" href=\"https:\/\/www.succanarias.com\/suc\/wp-content\/uploads\/2022\/02\/SUC-Memoria-de-Actividades-2009.pdf\" target=\"_blank\"  class=\"qbutton  default\" style=\"\">Memoria de actividad 2009<i class=\"qode_icon_font_awesome fa fa-download qode_button_icon_element\" style=\"\" ><\/i><\/a>[vc_empty_space height=\u00bb10px\u00bb]<a  itemprop=\"url\" href=\"https:\/\/www.succanarias.com\/suc\/wp-content\/uploads\/2022\/02\/SUC-Memoria-de-Actividades-2008.pdf\" target=\"_blank\"  class=\"qbutton  default\" style=\"\">Memoria de actividad 2008<i class=\"qode_icon_font_awesome fa fa-download qode_button_icon_element\" style=\"\" ><\/i><\/a>[vc_empty_space height=\u00bb10px\u00bb]<a  itemprop=\"url\" href=\"https:\/\/www.succanarias.com\/suc\/wp-content\/uploads\/2022\/02\/SUC-Memoria-de-Actividades-2007.pdf\" target=\"_blank\"  class=\"qbutton  default\" style=\"\">Memoria de actividad 2007<i class=\"qode_icon_font_awesome fa fa-download qode_button_icon_element\" style=\"\" ><\/i><\/a>[vc_empty_space height=\u00bb10px\u00bb]<a  itemprop=\"url\" href=\"https:\/\/www.succanarias.com\/suc\/wp-content\/uploads\/2022\/02\/SUC-Memoria-de-Actividades-2006.pdf\" target=\"_blank\"  class=\"qbutton  default\" style=\"\">Memoria de actividad 2006<i class=\"qode_icon_font_awesome fa fa-download qode_button_icon_element\" style=\"\" ><\/i><\/a>[vc_empty_space height=\u00bb10px\u00bb]<a  itemprop=\"url\" href=\"https:\/\/www.succanarias.com\/suc\/wp-content\/uploads\/2022\/02\/SUC-Memoria-de-Actividades-2005.pdf\" target=\"_blank\"  class=\"qbutton  default\" style=\"\">Memoria de actividad 2005<i class=\"qode_icon_font_awesome fa fa-download qode_button_icon_element\" style=\"\" ><\/i><\/a>[vc_empty_space height=\u00bb10px\u00bb]<a  itemprop=\"url\" href=\"https:\/\/www.succanarias.com\/suc\/wp-content\/uploads\/2022\/02\/SUC-Memoria-de-Actividades-2004.pdf\" target=\"_blank\"  class=\"qbutton  default\" style=\"\">Memoria de actividad 2004<i class=\"qode_icon_font_awesome fa fa-download qode_button_icon_element\" style=\"\" ><\/i><\/a>[vc_empty_space height=\u00bb10px\u00bb]<a  itemprop=\"url\" href=\"https:\/\/www.succanarias.com\/suc\/wp-content\/uploads\/2022\/02\/SUC-Memoria-de-Actividades-2003.pdf\" target=\"_blank\"  class=\"qbutton  default\" style=\"\">Memoria de actividad 2003<i class=\"qode_icon_font_awesome fa fa-download qode_button_icon_element\" style=\"\" ><\/i><\/a>[vc_empty_space height=\u00bb10px\u00bb]<a  itemprop=\"url\" href=\"https:\/\/www.succanarias.com\/suc\/wp-content\/uploads\/2022\/02\/SUC-Memoria-de-Actividades-2002.pdf\" target=\"_blank\"  class=\"qbutton  default\" style=\"\">Memoria de actividad 2002<i class=\"qode_icon_font_awesome fa fa-download qode_button_icon_element\" style=\"\" ><\/i><\/a>[vc_empty_space height=\u00bb10px\u00bb]<a  itemprop=\"url\" href=\"https:\/\/www.succanarias.com\/suc\/wp-content\/uploads\/2022\/02\/SUC-Memoria-de-Actividades-2001.pdf\" target=\"_blank\"  class=\"qbutton  default\" style=\"\">Memoria de actividad 2001<i class=\"qode_icon_font_awesome fa fa-download qode_button_icon_element\" style=\"\" ><\/i><\/a>[vc_empty_space height=\u00bb10px\u00bb]<a  itemprop=\"url\" href=\"https:\/\/www.succanarias.com\/suc\/wp-content\/uploads\/2022\/02\/SUC-Memoria-de-Actividades-2000.pdf\" target=\"_blank\"  class=\"qbutton  default\" style=\"\">Memoria de actividad 2000<i class=\"qode_icon_font_awesome fa fa-download qode_button_icon_element\" style=\"\" ><\/i><\/a>[\/vc_column_inner][vc_column_inner width=\u00bb1\/12&#8243;][\/vc_column_inner][\/vc_row_inner][vc_empty_space height=\u00bb70px\u00bb][\/vc_column][vc_column width=\u00bb1\/6&#8243;][\/vc_column][\/vc_row][vc_row css_animation=\u00bb\u00bb row_type=\u00bbrow\u00bb use_row_as_full_screen_section=\u00bbno\u00bb type=\u00bbfull_width\u00bb angled_section=\u00bbno\u00bb text_align=\u00bbleft\u00bb background_image_as_pattern=\u00bbwithout_pattern\u00bb css=\u00bb.vc_custom_1646649581169{background-color: #ffffff !important;}\u00bb z_index=\u00bb\u00bb el_id=\u00bbproyectos-europeos\u00bb][vc_column width=\u00bb1\/6&#8243;][\/vc_column][vc_column width=\u00bb2\/3&#8243;][vc_empty_space height=\u00bb100px\u00bb][vc_row_inner row_type=\u00bbrow\u00bb type=\u00bbfull_width\u00bb text_align=\u00bbleft\u00bb css_animation=\u00bb\u00bb][vc_column_inner width=\u00bb1\/12&#8243;][\/vc_column_inner][vc_column_inner el_class=\u00bbpadding\u00bb width=\u00bb10\/12&#8243;][vc_column_text]<\/p>\n<h2>Proyectos europeos<\/h2>\n<p>[\/vc_column_text][vc_empty_space height=\u00bb30px\u00bb][\/vc_column_inner][vc_column_inner el_class=\u00bbpadding\u00bb width=\u00bb1\/12&#8243;][\/vc_column_inner][\/vc_row_inner][vc_row_inner row_type=\u00bbrow\u00bb type=\u00bbfull_width\u00bb text_align=\u00bbleft\u00bb css_animation=\u00bb\u00bb][vc_column_inner width=\u00bb1\/12&#8243;][\/vc_column_inner][vc_column_inner el_class=\u00bbpadding\u00bb width=\u00bb10\/12&#8243;][vc_column_text]<span style=\"font-weight: 400;\">La empresa p\u00fablica Gesti\u00f3n de Servicios para la Salud y la Seguridad en Canarias lleva desde 2004 liderando proyectos europeos, cofinanciados por Fondos FEDER, dentro de diferentes programas y a trav\u00e9s del Servicio de Urgencias Canario.<\/span><\/p>\n<p><b>DEMA:<\/b><span style=\"font-weight: 400;\"> El Servicio de Urgencias Canario dirige desde el a\u00f1o 2017 el proyecto con fondos europeos \u201c<\/span><b>Deslocalizaci\u00f3n de la Asistencia M\u00e9dica en Urgencias en Situaciones de Cat\u00e1strofe\u201d (interreg-DEMA).<\/b><span style=\"font-weight: 400;\"> Junto a Canarias, que act\u00faa como jefe de filas, participan Azores y Madeira como socios del proyecto, y Cabo Verde y Senegal, como pa\u00edses observadores.<\/span><\/p>\n<p><span style=\"font-weight: 400;\">El objetivo es redise\u00f1ar el modelo de atenci\u00f3n de urgencias sanitarias bajo situaciones de cat\u00e1strofe originadas por el cambio clim\u00e1tico, para lograr una \u00f3ptima asistencia con independencia de la ubicaci\u00f3n del paciente, gracias a la integraci\u00f3n de Tecnolog\u00edas de la Informaci\u00f3n y Comunicaci\u00f3n (TIC\u00b4s).<\/span><\/p>\n<p><span style=\"font-weight: 400;\">Interreg-DEMA se enmarca en el Programa MAC 2014-2020 y cuenta con un presupuesto total de 895.206 euros, cofinanciado en un 85% con fondos FEDER, dentro del eje 3, que relaciona las acciones dirigidas a promover la adaptaci\u00f3n al cambio clim\u00e1tico y la prevenci\u00f3n y gesti\u00f3n de riesgos, as\u00ed como el fomento de la inversi\u00f3n para abordar riesgos espec\u00edficos, garant\u00eda de resiliencia frente a las cat\u00e1strofes y desarrollo de sistemas de gesti\u00f3n de cat\u00e1strofes.<\/span><\/p>\n<p><span style=\"font-weight: 400;\">En este sentido, el proyecto DEMA apuesta por una mejora sustancial en la respuesta sanitaria, teniendo como pilares la aplicaci\u00f3n de las tecnolog\u00edas de las comunicaciones y el intercambio de datos entre los diferentes niveles asistenciales; la digitalizaci\u00f3n de la informaci\u00f3n que se intercambie entre el sistema prehospitalario y el hospital; as\u00ed como la aplicaci\u00f3n de la telemedicina como parte de una asistencia integral del paciente.<\/span><\/p>\n<p><span style=\"font-weight: 400;\">Acciones desarrolladas:<\/span><\/p>\n<p><b>2021.- <\/b><span style=\"font-weight: 400;\">Formaci\u00f3n en cat\u00e1strofes para personal del SUC, CECOES y de las listas de reservas de ambos servicios. Creaci\u00f3n de un videojuego, dirigido a j\u00f3venes de entre 12 y 20 a\u00f1os, para ense\u00f1ar prevenci\u00f3n en caso de tormentas e inundaciones.<\/span><\/p>\n<p><b>2019.- <\/b><span style=\"font-weight: 400;\">Celebraci\u00f3n de las jornadas \u00abProyecto DEMA, tecnolog\u00edas aplicadas a la transformaci\u00f3n digital de las emergencias sanitarias. Gran Canaria<\/span><\/p>\n<p><b>2017.- <\/b><span style=\"font-weight: 400;\">Celebraci\u00f3n de las jornadas \u00abProyecto DEMA, innovaci\u00f3n tecnol\u00f3gica en cat\u00e1strofes al servicio de las urgencias sanitarias\u00bb. Tenerife<\/span><\/p>\n<p><b>2017.- <\/b><span style=\"font-weight: 400;\">Personal del SUC se prepara para la gesti\u00f3n y asistencia a los afectados en situaciones de cat\u00e1strofes. Madrid<\/span><\/p>\n<p><b>2017.- <\/b><span style=\"font-weight: 400;\">Azores acoge una reuni\u00f3n de trabajo con los socios del Proyecto DEMA.<\/span><\/p>\n<p><b>2017.- <\/b><span style=\"font-weight: 400;\">Presentaci\u00f3n del Proyecto con representantes de Madeira y Azores, como socios, y Cabo Verde y Senegal como pa\u00edses observadores<\/span><\/p>\n<p>M\u00e1s informaci\u00f3n <a href=\"https:\/\/interreg-dema.com\/\">www.interreg-dema.com<\/a><\/p>\n<p>&nbsp;<\/p>\n<p><b>Hist\u00f3rico:<\/b><\/p>\n<ul>\n<li style=\"font-weight: 400;\" aria-level=\"1\"><b>INUTECMED<\/b><span style=\"font-weight: 400;\">: <\/span><b>Innovaci\u00f3n y Nuevas Tecnolog\u00edas aplicadas a la Medicina de Urgencias y Emergencias.<\/b> Sus principales l\u00edneas de trabajo fueron la desfibrilaci\u00f3n precoz y la telemedicina en emergencias. Con este proyecto se llev\u00f3 a cabo la instalaci\u00f3n en ambulancias del Servicio de Urgencias Canario y, progresivamente, en puntos de gran concentraci\u00f3n de p\u00fablico, de unos desfibriladores semiautom\u00e1ticos con capacidad para revertir una parada cardiaca y transmitir los datos m\u00e9dicos y biof\u00edsicos del paciente, en tiempo real, a la sala de coordinaci\u00f3n donde se encuentra el m\u00e9dico del SUC, v\u00eda tel\u00e9fono m\u00f3vil con tecnolog\u00eda GSM y RDSI.<\/li>\n<\/ul>\n<ul>\n<li aria-level=\"1\"><strong>PLESCAMAC: Plan de Emergencia Sanitaria en caso de Cat\u00e1strofe en la Macaronesia<\/strong> cuyo objetivo fue la creaci\u00f3n de una Red de Apoyo Com\u00fan y de Cooperaci\u00f3n en caso de cat\u00e1strofe en las regiones de la Macaronesia, as\u00ed como la optimizaci\u00f3n de los recursos en la atenci\u00f3n a cat\u00e1strofes. Se materializ\u00f3 a trav\u00e9s de la compra de equipamientos de cat\u00e1strofes homog\u00e9neos entre los tres archipi\u00e9lagos como los remolques de asistencia a m\u00faltiples v\u00edctimas.<\/li>\n<\/ul>\n<ul>\n<li><strong>REACT: Red Euroafricana de Emergencia Sanitaria,<\/strong> para impulsar la cooperaci\u00f3n sanitaria en los territorios del espacio Atl\u00e1ntico Euroafricano, establecer una estrategia sanitaria y de seguridad, pionera e innovadora en los pa\u00edses de \u00c1frica y fortalecer los servicios nacionales de salud. En ese sentido, se trabaj\u00f3 en la formaci\u00f3n de profesionales de las emergencias en pa\u00edses africanos, en t\u00e9cnicas de reanimaci\u00f3n cardiopulmonar y en el uso de los desfibriladores, as\u00ed como en la realizaci\u00f3n de campa\u00f1as de salud preventiva y de sensibilizaci\u00f3n destinadas a mujeres y ni\u00f1os.<\/li>\n<\/ul>\n<ul class=\"nav nav-tabs nav-stacked\">\n<li class=\"content-links-a\"><a href=\"http:\/\/ec.europa.eu\/regional_policy\/thefunds\/regional\/index_es.cfm\" target=\"_blank\" rel=\"nofollow noopener noreferrer\">Fondo Europeo de Desarrollo Regional (FEDER)<\/a><\/li>\n<li class=\"content-links-b\"><a href=\"http:\/\/www.gobiernodecanarias.org\/cmayot\/interreg\/\" target=\"_blank\" rel=\"nofollow noopener noreferrer\">Interreg IIIB Azores-Madeira-Canarias<\/a><\/li>\n<\/ul>\n<p>[\/vc_column_text][\/vc_column_inner][vc_column_inner el_class=\u00bbpadding\u00bb width=\u00bb1\/12&#8243;][vc_empty_space height=\u00bb30px\u00bb][\/vc_column_inner][\/vc_row_inner][vc_empty_space height=\u00bb70px\u00bb][\/vc_column][vc_column width=\u00bb1\/6&#8243; css=\u00bb.vc_custom_1679916974364{background-image: url(https:\/\/www.succanarias.com\/suc\/wp-content\/uploads\/2023\/03\/Avion-medicalizado.jpg?id=3797) !important;background-position: center !important;background-repeat: no-repeat !important;background-size: cover !important;}\u00bb][vc_row_inner row_type=\u00bbrow\u00bb type=\u00bbfull_width\u00bb text_align=\u00bbleft\u00bb css_animation=\u00bb\u00bb][vc_column_inner offset=\u00bbvc_hidden-xs\u00bb][vc_empty_space height=\u00bb680px\u00bb][\/vc_column_inner][vc_column_inner offset=\u00bbvc_hidden-lg vc_hidden-md vc_hidden-sm\u00bb][vc_empty_space height=\u00bb400px\u00bb][\/vc_column_inner][\/vc_row_inner][\/vc_column][\/vc_row]<\/p>\n<div class=\"print\"><span class=\"page_title\">P\u00e1gina: <span>Actividad<\/span><\/span>\n\t\t\t\t\t\t\t\t\t\t\t<span class=\"stmp_trans_date\">\u00daltima actualizaci\u00f3n: <span>25\/07\/2024 - 08:21:50<\/span><\/span>\n\t\t\t\t\t\t\t\t\t\t\t<span class=\"stmp_trans_date\">Fecha publicaci\u00f3n: <span>15\/02\/2022 - 07:59:52<\/span><\/span>\n\t\t\t\t\t\t\t\t\t\t\t<span class=\"stmp_trans_date\">Fecha creaci\u00f3n: <span>15\/02\/2022 - 07:59:52<\/span><\/span><\/div>","protected":false},"excerpt":{"rendered":"<p>[vc_row css_animation=\u00bb\u00bb row_type=\u00bbrow\u00bb use_row_as_full_screen_section=\u00bbno\u00bb type=\u00bbfull_width\u00bb angled_section=\u00bbno\u00bb text_align=\u00bbleft\u00bb background_image_as_pattern=\u00bbwithout_pattern\u00bb z_index=\u00bb\u00bb el_id=\u00bbmemorias\u00bb][vc_column width=\u00bb1\/6&#8243; css=\u00bb.vc_custom_1679916460671{background-image: url(https:\/\/www.succanarias.com\/suc\/wp-content\/uploads\/2023\/03\/4-Gestor-de-recursos-SUC-TF-def-1.jpeg?id=3794) !important;background-position: center !important;background-repeat: no-repeat !important;background-size: cover !important;}\u00bb offset=\u00bbvc_hidden-xs\u00bb][vc_row_inner row_type=\u00bbrow\u00bb type=\u00bbfull_width\u00bb text_align=\u00bbleft\u00bb css_animation=\u00bb\u00bb][vc_column_inner offset=\u00bbvc_hidden-xs\u00bb][vc_empty_space height=\u00bb800px\u00bb][\/vc_column_inner][vc_column_inner offset=\u00bbvc_hidden-lg vc_hidden-md vc_hidden-sm\u00bb][vc_empty_space height=\u00bb400px\u00bb][\/vc_column_inner][\/vc_row_inner][\/vc_column][vc_column width=\u00bb2\/3&#8243;][vc_empty_space height=\u00bb100px\u00bb][vc_row_inner row_type=\u00bbrow\u00bb type=\u00bbfull_width\u00bb text_align=\u00bbleft\u00bb css_animation=\u00bb\u00bb][vc_column_inner width=\u00bb1\/12&#8243;][\/vc_column_inner][vc_column_inner el_class=\u00bbpadding\u00bb width=\u00bb5\/12&#8243;][vc_column_text] Memorias [\/vc_column_text][vc_empty_space height=\u00bb30px\u00bb][\/vc_column_inner][vc_column_inner el_class=\u00bbpadding\u00bb width=\u00bb5\/12&#8243;][\/vc_column_inner][vc_column_inner&#8230;<\/p>\n","protected":false},"author":1,"featured_media":171,"parent":0,"menu_order":0,"comment_status":"closed","ping_status":"closed","template":"full_width.php","meta":{"footnotes":""},"class_list":["post-17","page","type-page","status-publish","has-post-thumbnail","hentry"],"_links":{"self":[{"href":"https:\/\/www.succanarias.com\/suc\/wp-json\/wp\/v2\/pages\/17","targetHints":{"allow":["GET"]}}],"collection":[{"href":"https:\/\/www.succanarias.com\/suc\/wp-json\/wp\/v2\/pages"}],"about":[{"href":"https:\/\/www.succanarias.com\/suc\/wp-json\/wp\/v2\/types\/page"}],"author":[{"embeddable":true,"href":"https:\/\/www.succanarias.com\/suc\/wp-json\/wp\/v2\/users\/1"}],"replies":[{"embeddable":true,"href":"https:\/\/www.succanarias.com\/suc\/wp-json\/wp\/v2\/comments?post=17"}],"version-history":[{"count":41,"href":"https:\/\/www.succanarias.com\/suc\/wp-json\/wp\/v2\/pages\/17\/revisions"}],"predecessor-version":[{"id":3932,"href":"https:\/\/www.succanarias.com\/suc\/wp-json\/wp\/v2\/pages\/17\/revisions\/3932"}],"wp:featuredmedia":[{"embeddable":true,"href":"https:\/\/www.succanarias.com\/suc\/wp-json\/wp\/v2\/media\/171"}],"wp:attachment":[{"href":"https:\/\/www.succanarias.com\/suc\/wp-json\/wp\/v2\/media?parent=17"}],"curies":[{"name":"wp","href":"https:\/\/api.w.org\/{rel}","templated":true}]}}